{"id":66,"date":"2024-07-26T10:16:05","date_gmt":"2024-07-26T08:16:05","guid":{"rendered":"http:\/\/localhost\/La%20Brassine\/?page_id=66"},"modified":"2024-08-12T16:58:33","modified_gmt":"2024-08-12T14:58:33","slug":"mentions-legales","status":"publish","type":"page","link":"https:\/\/la-brassine.epsilon-studios.com\/index.php\/mentions-legales\/","title":{"rendered":"Mentions l\u00e9gales"},"content":{"rendered":"\t\t<div data-elementor-type=\"wp-page\" data-elementor-id=\"66\" class=\"elementor elementor-66\" data-elementor-post-type=\"page\">\n\t\t\t\t<div class=\"elementor-element elementor-element-c5fcaa1 e-flex e-con-boxed e-con e-parent\" data-id=\"c5fcaa1\" data-element_type=\"container\" data-e-type=\"container\">\n\t\t\t\t\t<div class=\"e-con-inner\">\n\t\t\t\t<div class=\"elementor-element elementor-element-80cf96a elementor-widget elementor-widget-spacer\" data-id=\"80cf96a\" data-element_type=\"widget\" data-e-type=\"widget\" data-widget_type=\"spacer.default\">\n\t\t\t\t<div class=\"elementor-widget-container\">\n\t\t\t\t\t\t\t<div class=\"elementor-spacer\">\n\t\t\t<div class=\"elementor-spacer-inner\"><\/div>\n\t\t<\/div>\n\t\t\t\t\t\t<\/div>\n\t\t\t\t<\/div>\n\t\t\t\t<div class=\"elementor-element elementor-element-24419d2 elementor-widget elementor-widget-heading\" data-id=\"24419d2\" data-element_type=\"widget\" data-e-type=\"widget\" data-widget_type=\"heading.default\">\n\t\t\t\t<div class=\"elementor-widget-container\">\n\t\t\t\t\t<h2 class=\"elementor-heading-title elementor-size-default\">Mentions l\u00e9gales<\/h2>\t\t\t\t<\/div>\n\t\t\t\t<\/div>\n\t\t\t\t<div class=\"elementor-element elementor-element-dafc6f5 elementor-widget elementor-widget-spacer\" data-id=\"dafc6f5\" data-element_type=\"widget\" data-e-type=\"widget\" data-widget_type=\"spacer.default\">\n\t\t\t\t<div class=\"elementor-widget-container\">\n\t\t\t\t\t\t\t<div class=\"elementor-spacer\">\n\t\t\t<div class=\"elementor-spacer-inner\"><\/div>\n\t\t<\/div>\n\t\t\t\t\t\t<\/div>\n\t\t\t\t<\/div>\n\t\t\t\t\t<\/div>\n\t\t\t\t<\/div>\n\t\t<div class=\"elementor-element elementor-element-6a72127 e-flex e-con-boxed e-con e-parent\" data-id=\"6a72127\" data-element_type=\"container\" data-e-type=\"container\">\n\t\t\t\t\t<div class=\"e-con-inner\">\n\t\t\t\t<div class=\"elementor-element elementor-element-9a659e7 elementor-widget elementor-widget-text-editor\" data-id=\"9a659e7\" data-element_type=\"widget\" data-e-type=\"widget\" data-widget_type=\"text-editor.default\">\n\t\t\t\t<div class=\"elementor-widget-container\">\n\t\t\t\t\t\t\t\t\t<p>DROITS DE PROPRI\u00c9T\u00c9 INTELLECTUELLE <br \/>Le site, sa structure g\u00e9n\u00e9rale, ainsi que les textes, images anim\u00e9es ou non, sons, savoir-faire, dessins, graphismes et tout autre \u00e9l\u00e9ment composant le site, sont la propri\u00e9t\u00e9 exclusive de l&rsquo;ASBL \u00ab\u00a0La Brassine\u00a0\u00bb. L\u2019ensemble de ce site rel\u00e8ve de la l\u00e9gislation belge et internationale sur les droits d\u2019auteur et de la propri\u00e9t\u00e9 intellectuelle. Les noms, marques et enseignes cit\u00e9s sur ce site sont la propri\u00e9t\u00e9 de leurs d\u00e9posants respectifs. Toute utilisation ou reproduction, totale ou partielle, du site, des \u00e9l\u00e9ments qui le composent et\/ou des informations qui y figurent, par quelque proc\u00e9d\u00e9 que ce soit et sans autorisation, constitue une contrefa\u00e7on sanctionn\u00e9e par le code de la propri\u00e9t\u00e9 intellectuelle. <br \/><br \/>IMPORT DE BANNI\u00c8RES ET LOGOS <br \/>Les banni\u00e8res et logos propres \u00e0 l&rsquo;ASBL \u00ab\u00a0La Brassine\u00a0\u00bb, m\u00eame mis en ligne \u00e0 leur initiative, ne peuvent \u00eatre import\u00e9s par des tiers sur un site Internet ni sur tout autre type de support, sans leur autorisation expresse. Cette autorisation peut intervenir dans le cadre d\u2019un partenariat avec d\u2019autres entit\u00e9s, nomm\u00e9ment d\u00e9sign\u00e9es, et dans les conditions d\u00e9termin\u00e9es par l&rsquo;ASBL \u00ab\u00a0La Brassine\u00a0\u00bb. Dans tous les cas, l&rsquo;ASBL \u00ab\u00a0La Brassine\u00a0\u00bb conserve l\u2019ensemble des droits de propri\u00e9t\u00e9 intellectuelle relatifs \u00e0 ces \u00e9l\u00e9ments et se r\u00e9serve la possibilit\u00e9, \u00e0 tout moment, sans pr\u00e9avis et sans avoir \u00e0 motiver leur d\u00e9cision, d\u2019interdire aux tiers concern\u00e9s l\u2019utilisation des informations telles que d\u00e9finies ci-avant. Dans ce cas, ils informeront la personne concern\u00e9e qui disposera de 8 jours ouvr\u00e9s pour mettre fin \u00e0 ses pratiques. <br \/><br \/>LIENS HYPERTEXTES <br \/>L&rsquo;ASBL \u00ab\u00a0La Brassine\u00a0\u00bb autorise tout site Internet \u00e0 \u00e9tablir un lien pointant vers l\u2019adresse \u00ab\u00a0http:\/\/www.labrassine.be\u00a0\u00bb apr\u00e8s une simple information pr\u00e9alable du webmestre. Tout lien de ce type interviendra toutefois sous r\u00e9serve des dispositions l\u00e9gales en vigueur. L&rsquo;ASBL \u00ab\u00a0La Brassine\u00a0\u00bb se r\u00e9serve la possibilit\u00e9, \u00e0 tout moment, sans pr\u00e9avis et sans avoir \u00e0 motiver sa d\u00e9cision, d\u2019interdire ces liens. Dans ce cas, il informera la personne concern\u00e9e qui disposera de 2 jours ouvr\u00e9s pour mettre fin au lien. Interdiction de mirroring : Aucune mise en ligne du Site par un tiers sous une autre URL n\u2019est autoris\u00e9e sans autorisation expresse pr\u00e9alable. <br \/><br \/>PROTECTION DES DONN\u00c9ES \u00c0 CARACT\u00c8RE PERSONNEL <br \/>L\u2019ASBL \u00ab\u00a0La Brassine\u00a0\u00bb respecte le R\u00e8glement (EU) 2016\/679 du Parlement europ\u00e9en et du Conseil du 27 avril 2016 relatif \u00e0 la protection des personnes physiques \u00e0 l\u2019\u00e9gard du traitement des donn\u00e9es \u00e0 caract\u00e8re personnel et \u00e0 la libre circulation de ces donn\u00e9es (R\u00e8glement g\u00e9n\u00e9ral sur la protection des donn\u00e9es). <br \/>Plus d\u2019information : https:\/\/eur-lex.europa.eu <br \/><br \/>CONFIDENTIALIT\u00c9 <br \/>Les donn\u00e9es \u00e0 caract\u00e8re personnel trait\u00e9es par l\u2019ASBL \u00ab\u00a0La Brassine\u00a0\u00bb ne sont accessibles qu\u2019aux membres autoris\u00e9s de son personnel dans la stricte mesure n\u00e9cessaire \u00e0 l\u2019ex\u00e9cution de leur mission. Ceux-ci sont tenus au respect de la confidentialit\u00e9 pour l\u2019ensemble de ces donn\u00e9es \u00e0 caract\u00e8re personnel. Ceci implique dans leur chef : <br \/><br \/>l\u2019obligation de ne pas acc\u00e9der ou chercher \u00e0 acc\u00e9der \u00e0 des donn\u00e9es qui ne sont pas strictement n\u00e9cessaires \u00e0 l\u2019ex\u00e9cution de leur mission ; <br \/>l\u2019interdiction de divulguer les donn\u00e9es dont ils ont connaissance hors ce qui est n\u00e9cessaire \u00e0 l\u2019exercice de leurs fonctions. <br \/>Les m\u00eames obligations sont impos\u00e9es, le cas \u00e9ch\u00e9ant, aux employ\u00e9s des soci\u00e9t\u00e9s tierces qui auraient acc\u00e8s \u00e0 ces donn\u00e9es dans le cadre d\u2019un contrat de sous-traitance. <br \/><br \/>S\u00c9CURIT\u00c9 <br \/>L\u2019ASBL \u00ab\u00a0La Brassine\u00a0\u00bb prend les mesures appropri\u00e9es pour prot\u00e9ger les donn\u00e9es \u00e0 caract\u00e8re personnel contre tout traitement non autoris\u00e9 ou illicite et contre toute perte, toute destruction ou tous d\u00e9g\u00e2ts d\u2019origine accidentelle, en prenant en consid\u00e9ration les risques impliqu\u00e9s par les traitements ainsi que par la nature des donn\u00e9es. <br \/>En cas d\u2019incident de s\u00e9curit\u00e9 impliquant une perte de donn\u00e9es \u00e0 caract\u00e8re personnel ou de confidentialit\u00e9, l\u2019ASBL \u00ab\u00a0La Brassine\u00a0\u00bb le notifiera \u00e0 l\u2019Autorit\u00e9 de protection des donn\u00e9es dans le respect du R\u00e8glement g\u00e9n\u00e9ral sur la protection des donn\u00e9es. <br \/><br \/>POLITIQUE DES COOKIES <br \/>Conform\u00e9ment \u00e0 l\u2019article 129 de la Loi du 13 juin 2005 relative aux communications \u00e9lectroniques, l\u2019ASBL \u00ab\u00a0La Brassine\u00a0\u00bb utilise des cookies dans le cadre de la connexion et de la navigation sur son site web de fa\u00e7on \u00e0 en assurer le fonctionnement optimal. <br \/><br \/>Certains cookies permettent un affichage graphique optimal, d\u2019autres permettent qu\u2019une application internet g\u00e8re correctement les sessions de travail connect\u00e9es. <br \/>Les cookies utilis\u00e9s sur ce site web ne contiennent pas de donn\u00e9es permettant une identification personnelle de l&rsquo;utilisateur et sont utilis\u00e9s dans le seul but de collecter des informations relatives \u00e0 l&rsquo;utilisation du site. <br \/><br \/>DROIT D\u2019EFFACEMENT (ARTICLE 17 DU RGPD) <br \/>Le droit \u00e0 l\u2019effacement de ses donn\u00e9es \u00e0 caract\u00e8re personnel peut \u00eatre exerc\u00e9 par une personne : <br \/><br \/>si ces donn\u00e9es ne sont plus n\u00e9cessaires au regard des finalit\u00e9s pour lesquelles elles ont \u00e9t\u00e9 collect\u00e9es ; <br \/>si la personne concern\u00e9e retire le consentement sur lequel est fond\u00e9 le traitement et qu\u2019il n\u2019existe pas d\u2019autre fondement juridique au traitement ; <br \/>si la personne concern\u00e9e s\u2019oppose au traitement et qu\u2019il n\u2019existe pas de motif l\u00e9gitime imp\u00e9rieux pour le traitement ou si la personne concern\u00e9e s\u2019oppose \u00e0 un traitement \u00e0 des fins de prospection ; <br \/>si les donn\u00e9es \u00e0 caract\u00e8re personnel ont fait l\u2019objet d\u2019un traitement illicite ; <br \/>si les donn\u00e9es \u00e0 caract\u00e8re personnel doivent \u00eatre effac\u00e9es pour respecter une obligation l\u00e9gale pr\u00e9vue par le droit de l\u2019Union ou par le droit belge ; <br \/>si les donn\u00e9es \u00e0 caract\u00e8re personnel ont \u00e9t\u00e9 collect\u00e9es dans le cadre de l\u2019offre de services de la soci\u00e9t\u00e9 de l\u2019information. <br \/>DROIT DE LIMITATION (ARTICLE 18 DU RGPD) <br \/>Le droit \u00e0 la limitation du traitement de ses donn\u00e9es \u00e0 caract\u00e8re personnel peut \u00eatre exerc\u00e9 par une personne : <br \/><br \/>si la personne concern\u00e9e en conteste l\u2019exactitude, pendant la dur\u00e9e permettant au responsable du traitement de v\u00e9rifier l\u2019exactitude des donn\u00e9es \u00e0 caract\u00e8re personnel ; <br \/>si le traitement est illicite et que la personne concern\u00e9e s\u2019oppose \u00e0 l\u2019effacement des donn\u00e9es et exige \u00e0 la place la limitation de leur utilisation ; <br \/>si l\u2019ASBL \u00ab\u00a0La Brassine\u00a0\u00bb n\u2019a plus besoin des donn\u00e9es \u00e0 caract\u00e8re personnel aux fins du traitement mais que celles-ci sont encore n\u00e9cessaires \u00e0 la personne concern\u00e9e pour la constatation, l\u2019exercice ou la d\u00e9fense de droits en justice ; <br \/>si la personne concern\u00e9e s\u2019est oppos\u00e9e au traitement, pendant la v\u00e9rification portant sur le point de savoir si les motifs l\u00e9gitimes poursuivis par le responsable du traitement pr\u00e9valent sur ceux de la personne concern\u00e9e. <br \/>DROIT D\u2019OPPOSITION (ARTICLE 21 DU RGPD) <br \/>Le droit d\u2019opposition peut \u00eatre exerc\u00e9 par la personne concern\u00e9e pour des raisons tenant \u00e0 sa situation particuli\u00e8re, relativement au traitement de ses donn\u00e9es \u00e0 caract\u00e8re personnel fond\u00e9 sur le consentement ou l\u2019int\u00e9r\u00eat l\u00e9gitime, \u00e0 moins que l\u2019ASBL \u00ab\u00a0La Brassine\u00a0\u00bb ne d\u00e9montre qu\u2019il existe des motifs l\u00e9gitimes et imp\u00e9rieux pour le traitement qui pr\u00e9valent sur les int\u00e9r\u00eats et les droits et libert\u00e9s de la personne concern\u00e9e, ou pour la constatation, l\u2019exercice ou la d\u00e9fense de droits en justice. <br \/><br \/>RESPONSABILIT\u00c9 <br \/>Tout visiteur du site \u00ab\u00a0La Brassine\u00a0\u00bb est r\u00e9put\u00e9 accepter les r\u00e8gles r\u00e9gissant le fonctionnement du site. Ces dispositions ne le d\u00e9chargent pas des obligations qu\u2019il contracte en acc\u00e9dant par un lien \u00e0 une page ou un site Internet tiers. Les liens hypertextes mis en place dans le cadre du pr\u00e9sent site en direction d\u2019autres ressources pr\u00e9sentes sur le r\u00e9seau Internet et, notamment, vers les partenaires, sont clairement identifi\u00e9s et font l\u2019objet d\u2019une information et\/ou d\u2019une autorisation pr\u00e9alable des sites point\u00e9s. L&rsquo;ASBL \u00ab\u00a0La Brassine\u00a0\u00bb s\u2019engage \u00e0 faire cesser les liens hypertextes \u00e0 la premi\u00e8re demande des structures \u00e0 qui appartiennent ces sites. Les liens hypertextes en direction d\u2019autres ressources pr\u00e9sentes sur le r\u00e9seau Internet ne sauraient engager la responsabilit\u00e9 de l&rsquo;ASBL \u00ab\u00a0La Brassine\u00a0\u00bb. Les opinions exprim\u00e9es par les visiteurs sur des sites auxquels renvoie le site n\u2019engagent que leurs auteurs. En outre, l&rsquo;ASBL \u00ab\u00a0La Brassine\u00a0\u00bb ne pourra pas \u00eatre tenu responsables des dommages r\u00e9sultant de l\u2019interpr\u00e9tation ou de l\u2019utilisation des informations auxquelles il donne acc\u00e8s. <br \/><br \/>R\u00c9CLAMATION <br \/>L&rsquo;ASBL \u00ab\u00a0La Brassine\u00a0\u00bb met tout en \u0153uvre pour offrir aux visiteurs de ce site web des informations fiables et v\u00e9rifi\u00e9es. Cependant, malgr\u00e9 tous les soins apport\u00e9s, le site peut comporter des inexactitudes, des d\u00e9fauts de mise \u00e0 jour ou des erreurs. Nous remercions les utilisateurs du site de nous faire part de leur volont\u00e9 de faire valoir leurs droits relatifs \u00e0 la protection de leurs donn\u00e9es personnelles ou de nous informer d\u2019\u00e9ventuelles omissions, erreurs ou corrections par mail au webmestre du site par mail : info@labrassine.be <br \/><br \/>DROIT APPLICABLE ET JURIDICTION COMP\u00c9TENTE <br \/>Toute utilisation du pr\u00e9sent site est soumise au droit belge. <br \/>Tout litige relatif \u00e0 l&rsquo;utilisation du pr\u00e9sent site ou \u00e0 son contenu rel\u00e8ve de la comp\u00e9tence exclusive des Tribunaux de l&rsquo;arrondissement judiciaire du Luxembourg.<\/p>\t\t\t\t\t\t\t\t<\/div>\n\t\t\t\t<\/div>\n\t\t\t\t\t<\/div>\n\t\t\t\t<\/div>\n\t\t\t\t<\/div>\n\t\t","protected":false},"excerpt":{"rendered":"<p>Mentions l\u00e9gales DROITS DE PROPRI\u00c9T\u00c9 INTELLECTUELLE Le site, sa structure g\u00e9n\u00e9rale, ainsi que les textes, images anim\u00e9es ou non, sons, savoir-faire, dessins, graphismes et tout autre \u00e9l\u00e9ment composant le site, sont la propri\u00e9t\u00e9 exclusive de l&rsquo;ASBL \u00ab\u00a0La Brassine\u00a0\u00bb. L\u2019ensemble de ce site rel\u00e8ve de la l\u00e9gislation belge et internationale sur les droits d\u2019auteur et de [&hellip;]<\/p>\n","protected":false},"author":1,"featured_media":0,"parent":0,"menu_order":0,"comment_status":"closed","ping_status":"closed","template":"","meta":{"footnotes":""},"class_list":["post-66","page","type-page","status-publish","hentry"],"yoast_head":"<!-- This site is optimized with the Yoast SEO plugin v23.4 - https:\/\/yoast.com\/wordpress\/plugins\/seo\/ -->\n<title>Mentions l\u00e9gales - La Brassine<\/title>\n<meta name=\"robots\" content=\"noindex, follow, max-snippet:-1, max-image-preview:large, max-video-preview:-1\" \/>\n<meta property=\"og:locale\" content=\"fr_FR\" \/>\n<meta property=\"og:type\" content=\"article\" \/>\n<meta property=\"og:title\" content=\"Mentions l\u00e9gales - La Brassine\" \/>\n<meta property=\"og:description\" content=\"Mentions l\u00e9gales DROITS DE PROPRI\u00c9T\u00c9 INTELLECTUELLE Le site, sa structure g\u00e9n\u00e9rale, ainsi que les textes, images anim\u00e9es ou non, sons, savoir-faire, dessins, graphismes et tout autre \u00e9l\u00e9ment composant le site, sont la propri\u00e9t\u00e9 exclusive de l&rsquo;ASBL \u00ab\u00a0La Brassine\u00a0\u00bb. L\u2019ensemble de ce site rel\u00e8ve de la l\u00e9gislation belge et internationale sur les droits d\u2019auteur et de [&hellip;]\" \/>\n<meta property=\"og:url\" content=\"https:\/\/la-brassine.epsilon-studios.com\/index.php\/mentions-legales\/\" \/>\n<meta property=\"og:site_name\" content=\"La Brassine\" \/>\n<meta property=\"article:publisher\" content=\"https:\/\/www.facebook.com\/labrassine\" \/>\n<meta property=\"article:modified_time\" content=\"2024-08-12T14:58:33+00:00\" \/>\n<meta name=\"twitter:card\" content=\"summary_large_image\" \/>\n<meta name=\"twitter:label1\" content=\"Dur\u00e9e de lecture est.\" \/>\n\t<meta name=\"twitter:data1\" content=\"8 minutes\" \/>\n<script type=\"application\/ld+json\" class=\"yoast-schema-graph\">{\"@context\":\"https:\/\/schema.org\",\"@graph\":[{\"@type\":\"WebPage\",\"@id\":\"https:\/\/la-brassine.epsilon-studios.com\/index.php\/mentions-legales\/\",\"url\":\"https:\/\/la-brassine.epsilon-studios.com\/index.php\/mentions-legales\/\",\"name\":\"Mentions l\u00e9gales - La Brassine\",\"isPartOf\":{\"@id\":\"https:\/\/la-brassine.epsilon-studios.com\/#website\"},\"datePublished\":\"2024-07-26T08:16:05+00:00\",\"dateModified\":\"2024-08-12T14:58:33+00:00\",\"breadcrumb\":{\"@id\":\"https:\/\/la-brassine.epsilon-studios.com\/index.php\/mentions-legales\/#breadcrumb\"},\"inLanguage\":\"fr-BE\",\"potentialAction\":[{\"@type\":\"ReadAction\",\"target\":[\"https:\/\/la-brassine.epsilon-studios.com\/index.php\/mentions-legales\/\"]}]},{\"@type\":\"BreadcrumbList\",\"@id\":\"https:\/\/la-brassine.epsilon-studios.com\/index.php\/mentions-legales\/#breadcrumb\",\"itemListElement\":[{\"@type\":\"ListItem\",\"position\":1,\"name\":\"Accueil\",\"item\":\"https:\/\/la-brassine.epsilon-studios.com\/\"},{\"@type\":\"ListItem\",\"position\":2,\"name\":\"Mentions l\u00e9gales\"}]},{\"@type\":\"WebSite\",\"@id\":\"https:\/\/la-brassine.epsilon-studios.com\/#website\",\"url\":\"https:\/\/la-brassine.epsilon-studios.com\/\",\"name\":\"La Brassine\",\"description\":\"Bi\u00e8re blonde de Gaume\",\"publisher\":{\"@id\":\"https:\/\/la-brassine.epsilon-studios.com\/#organization\"},\"potentialAction\":[{\"@type\":\"SearchAction\",\"target\":{\"@type\":\"EntryPoint\",\"urlTemplate\":\"https:\/\/la-brassine.epsilon-studios.com\/?s={search_term_string}\"},\"query-input\":{\"@type\":\"PropertyValueSpecification\",\"valueRequired\":true,\"valueName\":\"search_term_string\"}}],\"inLanguage\":\"fr-BE\"},{\"@type\":\"Organization\",\"@id\":\"https:\/\/la-brassine.epsilon-studios.com\/#organization\",\"name\":\"La Brassine\",\"url\":\"https:\/\/la-brassine.epsilon-studios.com\/\",\"logo\":{\"@type\":\"ImageObject\",\"inLanguage\":\"fr-BE\",\"@id\":\"https:\/\/la-brassine.epsilon-studios.com\/#\/schema\/logo\/image\/\",\"url\":\"https:\/\/la-brassine.epsilon-studios.com\/wp-content\/uploads\/2024\/07\/Logo-La-Brassine.webp\",\"contentUrl\":\"https:\/\/la-brassine.epsilon-studios.com\/wp-content\/uploads\/2024\/07\/Logo-La-Brassine.webp\",\"width\":233,\"height\":236,\"caption\":\"La Brassine\"},\"image\":{\"@id\":\"https:\/\/la-brassine.epsilon-studios.com\/#\/schema\/logo\/image\/\"},\"sameAs\":[\"https:\/\/www.facebook.com\/labrassine\"]}]}<\/script>\n<!-- \/ Yoast SEO plugin. -->","yoast_head_json":{"title":"Mentions l\u00e9gales - La Brassine","robots":{"index":"noindex","follow":"follow","max-snippet":"max-snippet:-1","max-image-preview":"max-image-preview:large","max-video-preview":"max-video-preview:-1"},"og_locale":"fr_FR","og_type":"article","og_title":"Mentions l\u00e9gales - La Brassine","og_description":"Mentions l\u00e9gales DROITS DE PROPRI\u00c9T\u00c9 INTELLECTUELLE Le site, sa structure g\u00e9n\u00e9rale, ainsi que les textes, images anim\u00e9es ou non, sons, savoir-faire, dessins, graphismes et tout autre \u00e9l\u00e9ment composant le site, sont la propri\u00e9t\u00e9 exclusive de l&rsquo;ASBL \u00ab\u00a0La Brassine\u00a0\u00bb. L\u2019ensemble de ce site rel\u00e8ve de la l\u00e9gislation belge et internationale sur les droits d\u2019auteur et de [&hellip;]","og_url":"https:\/\/la-brassine.epsilon-studios.com\/index.php\/mentions-legales\/","og_site_name":"La Brassine","article_publisher":"https:\/\/www.facebook.com\/labrassine","article_modified_time":"2024-08-12T14:58:33+00:00","twitter_card":"summary_large_image","twitter_misc":{"Dur\u00e9e de lecture est.":"8 minutes"},"schema":{"@context":"https:\/\/schema.org","@graph":[{"@type":"WebPage","@id":"https:\/\/la-brassine.epsilon-studios.com\/index.php\/mentions-legales\/","url":"https:\/\/la-brassine.epsilon-studios.com\/index.php\/mentions-legales\/","name":"Mentions l\u00e9gales - La Brassine","isPartOf":{"@id":"https:\/\/la-brassine.epsilon-studios.com\/#website"},"datePublished":"2024-07-26T08:16:05+00:00","dateModified":"2024-08-12T14:58:33+00:00","breadcrumb":{"@id":"https:\/\/la-brassine.epsilon-studios.com\/index.php\/mentions-legales\/#breadcrumb"},"inLanguage":"fr-BE","potentialAction":[{"@type":"ReadAction","target":["https:\/\/la-brassine.epsilon-studios.com\/index.php\/mentions-legales\/"]}]},{"@type":"BreadcrumbList","@id":"https:\/\/la-brassine.epsilon-studios.com\/index.php\/mentions-legales\/#breadcrumb","itemListElement":[{"@type":"ListItem","position":1,"name":"Accueil","item":"https:\/\/la-brassine.epsilon-studios.com\/"},{"@type":"ListItem","position":2,"name":"Mentions l\u00e9gales"}]},{"@type":"WebSite","@id":"https:\/\/la-brassine.epsilon-studios.com\/#website","url":"https:\/\/la-brassine.epsilon-studios.com\/","name":"La Brassine","description":"Bi\u00e8re blonde de Gaume","publisher":{"@id":"https:\/\/la-brassine.epsilon-studios.com\/#organization"},"potentialAction":[{"@type":"SearchAction","target":{"@type":"EntryPoint","urlTemplate":"https:\/\/la-brassine.epsilon-studios.com\/?s={search_term_string}"},"query-input":{"@type":"PropertyValueSpecification","valueRequired":true,"valueName":"search_term_string"}}],"inLanguage":"fr-BE"},{"@type":"Organization","@id":"https:\/\/la-brassine.epsilon-studios.com\/#organization","name":"La Brassine","url":"https:\/\/la-brassine.epsilon-studios.com\/","logo":{"@type":"ImageObject","inLanguage":"fr-BE","@id":"https:\/\/la-brassine.epsilon-studios.com\/#\/schema\/logo\/image\/","url":"https:\/\/la-brassine.epsilon-studios.com\/wp-content\/uploads\/2024\/07\/Logo-La-Brassine.webp","contentUrl":"https:\/\/la-brassine.epsilon-studios.com\/wp-content\/uploads\/2024\/07\/Logo-La-Brassine.webp","width":233,"height":236,"caption":"La Brassine"},"image":{"@id":"https:\/\/la-brassine.epsilon-studios.com\/#\/schema\/logo\/image\/"},"sameAs":["https:\/\/www.facebook.com\/labrassine"]}]}},"_links":{"self":[{"href":"https:\/\/la-brassine.epsilon-studios.com\/index.php\/wp-json\/wp\/v2\/pages\/66"}],"collection":[{"href":"https:\/\/la-brassine.epsilon-studios.com\/index.php\/wp-json\/wp\/v2\/pages"}],"about":[{"href":"https:\/\/la-brassine.epsilon-studios.com\/index.php\/wp-json\/wp\/v2\/types\/page"}],"author":[{"embeddable":true,"href":"https:\/\/la-brassine.epsilon-studios.com\/index.php\/wp-json\/wp\/v2\/users\/1"}],"replies":[{"embeddable":true,"href":"https:\/\/la-brassine.epsilon-studios.com\/index.php\/wp-json\/wp\/v2\/comments?post=66"}],"version-history":[{"count":4,"href":"https:\/\/la-brassine.epsilon-studios.com\/index.php\/wp-json\/wp\/v2\/pages\/66\/revisions"}],"predecessor-version":[{"id":958,"href":"https:\/\/la-brassine.epsilon-studios.com\/index.php\/wp-json\/wp\/v2\/pages\/66\/revisions\/958"}],"wp:attachment":[{"href":"https:\/\/la-brassine.epsilon-studios.com\/index.php\/wp-json\/wp\/v2\/media?parent=66"}],"curies":[{"name":"wp","href":"https:\/\/api.w.org\/{rel}","templated":true}]}}